{"id":4691,"date":"2021-10-15T16:15:03","date_gmt":"2021-10-15T14:15:03","guid":{"rendered":"https:\/\/espeltviticultors.com\/?post_type=product&#038;p=4691"},"modified":"2025-05-19T15:13:26","modified_gmt":"2025-05-19T13:13:26","slug":"la-vella-white-carignan","status":"publish","type":"product","link":"https:\/\/espeltviticultors.com\/en\/shop\/la-vella-white-carignan\/","title":{"rendered":"La Vella 2023"},"content":{"rendered":"<div class=\"gdlr-core-row-shortcode clearfix gdlr-core-item-rvpdlr\" ><div class=\"gdlr-core-column-shortcode gdlr-core-item-pdlr gdlr-core-column-40\" ><\/p>\n<h2><strong>La Vella &#8211; 2022 Vintage<\/strong><\/h2>\n<p class=\"title_section_profile\"><strong>Type of wine<br \/>\n<\/strong>White wine from old vineyards of white carignan, harvested by hand and selected grapes on the same estate. Cold pressed and aged for seven months on its lees in cement eggs. Organic.<\/p>\n<p class=\"title_section_profile\"><strong>Varieties<br \/>\n<\/strong>100% white carignan from Empord\u00e0<\/p>\n<p class=\"title_section_profile\"><b>How is it?<\/b><\/p>\n<p class=\"title_section_profile\">Golden in color, mineral touches and aromas of Mediterranean understory stand out, with the presence of spring flowers. A deep memory of the Empord\u00e0.<\/p>\n<p><strong>Viticulture<\/strong><br \/>\nRab\u00f3s: Old vines. Very old vines. Carignan and Lledoner (Grenache) planted on slate. Powerful and complex wines. With great acidity and full of life.<\/p>\n<p><strong>To accompany&#8230;<\/strong><br \/>\nFish dishes with personality: stew, scorpion fish suquet, rice with lobsters and sea urchins. It is also a good complement to dishes of ancient tradition and very slow cooking.<\/p>\n<p><img loading=\"lazy\" decoding=\"async\" class=\"alignnone size-full wp-image-3912 alignleft\" src=\"https:\/\/espeltviticultors.com\/wp-content\/uploads\/2021\/05\/maridatge_chicken_dark.png\" alt=\"\" width=\"50\" height=\"50\" \/><img loading=\"lazy\" decoding=\"async\" class=\"alignnone size-full wp-image-3893 alignleft\" src=\"https:\/\/espeltviticultors.com\/wp-content\/uploads\/2021\/05\/maridatge_fish_dark.png\" alt=\"\" width=\"50\" height=\"50\" \/><img loading=\"lazy\" decoding=\"async\" class=\"alignnone size-full wp-image-3899 alignleft\" src=\"https:\/\/espeltviticultors.com\/wp-content\/uploads\/2021\/05\/maridatge_vegetal_dark.png\" alt=\"\" width=\"50\" height=\"50\" \/><\/p>\n<p>&nbsp;<\/p>\n<p>&nbsp;<\/p>\n<a class=\"gdlr-core-button gdlr-core-button-shortcode  gdlr-core-button-gradient gdlr-core-button-no-border\" href=\"https:\/\/espeltviticultors.com\/wp-content\/uploads\/2024\/09\/lavella_2022_EN.pdf\" target=\"_blank\"  style=\"margin-right: 20px;\"  ><span class=\"gdlr-core-content\"  >Technical Sheets<\/span><\/a>\n<p>\n<\/div><div class=\"gdlr-core-column-shortcode gdlr-core-item-pdlr gdlr-core-column-20\" ><\/p>\n<div class=\"gdlr-core-widget-list-shortcode\" id=\"gdlr-core-widget-list-0\"  ><h3 class=\"gdlr-core-widget-list-shortcode-title\"  >Awards<\/h3><\/p>\n<ul>\n<li>16 Scored Jancis Robinson<\/li>\n<li>9,86 La Guia de Vins de Catalunya, 2024 and Best White Carignan<\/li>\n<\/ul>\n<p><\/div>\n<div class=\"gdlr-core-widget-list-shortcode\" id=\"gdlr-core-widget-list-0\"  ><h3 class=\"gdlr-core-widget-list-shortcode-title\"  ><strong>Organic certificate<\/strong><\/h3><\/p>\n<ul>\n<li><img loading=\"lazy\" decoding=\"async\" class=\"\" src=\"https:\/\/espeltviticultors.com\/assets\/img\/Logo_alimentacion_ecologica.jpg\" width=\"88\" height=\"60\" \/><\/li>\n<\/ul>\n<p>&nbsp;<\/p>\n<p><\/div>\n<p>\n<\/div><\/div>\n<p>&nbsp;<\/p>\n<p>&nbsp;<\/p>\n<p>&nbsp;<\/p>\n<div class=\"flex flex-row\">\n<div class=\"width49 wine_detail_little_box wine_detail_viticulture_box\"><\/div>\n<\/div>\n","protected":false},"excerpt":{"rendered":"<p>La Vella, 100% white Carignan from the Empord\u00e0, is a tribute to the viticulturists who have kept working on it so that today we can make this wine. An organic white wine from a single plot, from very old vineyards of a local variety lost in time.<\/p>\n","protected":false},"featured_media":4697,"template":"","meta":[],"product_brand":[],"product_cat":[147,93],"product_tag":[173,169],"class_list":{"0":"post-4691","1":"product","2":"type-product","3":"status-publish","4":"has-post-thumbnail","6":"product_cat-white-en","7":"product_cat-wines","8":"product_tag-essence-en","9":"product_tag-white-carignan","11":"first","12":"instock","13":"sold-individually","14":"taxable","15":"shipping-taxable","16":"purchasable","17":"product-type-simple"},"yoast_head":"<!-- This site is optimized with the Yoast SEO Premium plugin v19.3 (Yoast SEO v27.4) - https:\/\/yoast.com\/product\/yoast-seo-premium-wordpress\/ -->\n<title>La Vella: White Carignan from Empord\u00e0 - Espelt Winegrowers<\/title>\n<meta name=\"description\" content=\"La Vella.: White Carignan from Empord\u00e0. Old vineyards from Rab\u00f3s d&#039;Empord\u00e0. Organic viticulture, selected grapes from a single plot.\" \/>\n<meta name=\"robots\" content=\"index, follow, max-snippet:-1, max-image-preview:large, max-video-preview:-1\" \/>\n<link rel=\"canonical\" href=\"https:\/\/espeltviticultors.com\/en\/shop\/la-vella-white-carignan\/\" \/>\n<meta property=\"og:locale\" content=\"en_US\" \/>\n<meta property=\"og:type\" content=\"article\" \/>\n<meta property=\"og:title\" content=\"La Vella 2023\" \/>\n<meta property=\"og:description\" content=\"La Vella, 100% white Carignan from the Empord\u00e0, is a tribute to the viticulturists who have kept working on it so that today we can make this wine. An organic white wine from a single plot, from very old vineyards of a local variety lost in time.\" \/>\n<meta property=\"og:url\" content=\"https:\/\/espeltviticultors.com\/en\/shop\/la-vella-white-carignan\/\" \/>\n<meta property=\"og:site_name\" content=\"Espelt Winegrowers\" \/>\n<meta property=\"article:publisher\" content=\"https:\/\/www.facebook.com\/espelt.viticultors\" \/>\n<meta property=\"article:modified_time\" content=\"2025-05-19T13:13:26+00:00\" \/>\n<meta property=\"og:image\" content=\"https:\/\/espeltviticultors.com\/wp-content\/uploads\/2021\/10\/la_vella_2019.jpg\" \/>\n\t<meta property=\"og:image:width\" content=\"800\" \/>\n\t<meta property=\"og:image:height\" content=\"630\" \/>\n\t<meta property=\"og:image:type\" content=\"image\/jpeg\" \/>\n<meta name=\"twitter:card\" content=\"summary_large_image\" \/>\n<meta name=\"twitter:site\" content=\"@CellerEspelt\" \/>\n<meta name=\"twitter:label1\" content=\"Price\" \/>\n\t<meta name=\"twitter:data1\" content=\"45,00&nbsp;&euro;\" \/>\n\t<meta name=\"twitter:label2\" content=\"Availability\" \/>\n\t<meta name=\"twitter:data2\" content=\"In stock\" \/>\n<script type=\"application\/ld+json\" class=\"yoast-schema-graph\">{\"@context\":\"https:\\\/\\\/schema.org\",\"@graph\":[{\"@type\":\"WebPage\",\"@id\":\"https:\\\/\\\/espeltviticultors.com\\\/en\\\/shop\\\/la-vella-white-carignan\\\/\",\"url\":\"https:\\\/\\\/espeltviticultors.com\\\/en\\\/shop\\\/la-vella-white-carignan\\\/\",\"name\":\"La Vella: White Carignan from Empord\u00e0 - Espelt Winegrowers\",\"isPartOf\":{\"@id\":\"https:\\\/\\\/espeltviticultors.com\\\/#website\"},\"primaryImageOfPage\":{\"@id\":\"https:\\\/\\\/espeltviticultors.com\\\/en\\\/shop\\\/la-vella-white-carignan\\\/#primaryimage\"},\"image\":{\"@id\":\"https:\\\/\\\/espeltviticultors.com\\\/en\\\/shop\\\/la-vella-white-carignan\\\/#primaryimage\"},\"thumbnailUrl\":\"https:\\\/\\\/espeltviticultors.com\\\/wp-content\\\/uploads\\\/2021\\\/10\\\/la_vella_2019.jpg\",\"datePublished\":\"2021-10-15T14:15:03+00:00\",\"dateModified\":\"2025-05-19T13:13:26+00:00\",\"description\":\"La Vella.: White Carignan from Empord\u00e0. Old vineyards from Rab\u00f3s d'Empord\u00e0. Organic viticulture, selected grapes from a single plot.\",\"breadcrumb\":{\"@id\":\"https:\\\/\\\/espeltviticultors.com\\\/en\\\/shop\\\/la-vella-white-carignan\\\/#breadcrumb\"},\"inLanguage\":\"en-US\",\"potentialAction\":[{\"@type\":\"ReadAction\",\"target\":[\"https:\\\/\\\/espeltviticultors.com\\\/en\\\/shop\\\/la-vella-white-carignan\\\/\"]}]},{\"@type\":\"ImageObject\",\"inLanguage\":\"en-US\",\"@id\":\"https:\\\/\\\/espeltviticultors.com\\\/en\\\/shop\\\/la-vella-white-carignan\\\/#primaryimage\",\"url\":\"https:\\\/\\\/espeltviticultors.com\\\/wp-content\\\/uploads\\\/2021\\\/10\\\/la_vella_2019.jpg\",\"contentUrl\":\"https:\\\/\\\/espeltviticultors.com\\\/wp-content\\\/uploads\\\/2021\\\/10\\\/la_vella_2019.jpg\",\"width\":800,\"height\":630,\"caption\":\"La Vella\"},{\"@type\":\"BreadcrumbList\",\"@id\":\"https:\\\/\\\/espeltviticultors.com\\\/en\\\/shop\\\/la-vella-white-carignan\\\/#breadcrumb\",\"itemListElement\":[{\"@type\":\"ListItem\",\"position\":1,\"name\":\"Portada\",\"item\":\"https:\\\/\\\/espeltviticultors.com\\\/en\\\/\"},{\"@type\":\"ListItem\",\"position\":2,\"name\":\"Shop\",\"item\":\"https:\\\/\\\/espeltviticultors.com\\\/en\\\/shop\\\/\"},{\"@type\":\"ListItem\",\"position\":3,\"name\":\"La Vella 2023\"}]},{\"@type\":\"WebSite\",\"@id\":\"https:\\\/\\\/espeltviticultors.com\\\/#website\",\"url\":\"https:\\\/\\\/espeltviticultors.com\\\/\",\"name\":\"Espelt Winegrowers\",\"description\":\"Emporda wines and enotourism\",\"publisher\":{\"@id\":\"https:\\\/\\\/espeltviticultors.com\\\/#organization\"},\"potentialAction\":[{\"@type\":\"SearchAction\",\"target\":{\"@type\":\"EntryPoint\",\"urlTemplate\":\"https:\\\/\\\/espeltviticultors.com\\\/?s={search_term_string}\"},\"query-input\":{\"@type\":\"PropertyValueSpecification\",\"valueRequired\":true,\"valueName\":\"search_term_string\"}}],\"inLanguage\":\"en-US\"},{\"@type\":\"Organization\",\"@id\":\"https:\\\/\\\/espeltviticultors.com\\\/#organization\",\"name\":\"Espelt Viticultors - Shop online\",\"url\":\"https:\\\/\\\/espeltviticultors.com\\\/\",\"logo\":{\"@type\":\"ImageObject\",\"inLanguage\":\"en-US\",\"@id\":\"https:\\\/\\\/espeltviticultors.com\\\/#\\\/schema\\\/logo\\\/image\\\/\",\"url\":\"https:\\\/\\\/espeltviticultors.com\\\/wp-content\\\/uploads\\\/2021\\\/02\\\/logo_color_trasparent.png\",\"contentUrl\":\"https:\\\/\\\/espeltviticultors.com\\\/wp-content\\\/uploads\\\/2021\\\/02\\\/logo_color_trasparent.png\",\"width\":818,\"height\":272,\"caption\":\"Espelt Viticultors - Shop online\"},\"image\":{\"@id\":\"https:\\\/\\\/espeltviticultors.com\\\/#\\\/schema\\\/logo\\\/image\\\/\"},\"sameAs\":[\"https:\\\/\\\/www.facebook.com\\\/espelt.viticultors\",\"https:\\\/\\\/x.com\\\/CellerEspelt\",\"https:\\\/\\\/www.instagram.com\\\/cellerespelt\\\/\"]}]}<\/script>\n<meta property=\"product:price:amount\" content=\"45.00\" \/>\n<meta property=\"product:price:currency\" content=\"EUR\" \/>\n<meta property=\"og:availability\" content=\"instock\" \/>\n<meta property=\"product:availability\" content=\"instock\" \/>\n<meta property=\"product:retailer_item_id\" content=\"1485-1\" \/>\n<meta property=\"product:condition\" content=\"new\" \/>\n<!-- \/ Yoast SEO Premium plugin. -->","yoast_head_json":{"title":"La Vella: White Carignan from Empord\u00e0 - Espelt Winegrowers","description":"La Vella.: White Carignan from Empord\u00e0. Old vineyards from Rab\u00f3s d'Empord\u00e0. Organic viticulture, selected grapes from a single plot.","robots":{"index":"index","follow":"follow","max-snippet":"max-snippet:-1","max-image-preview":"max-image-preview:large","max-video-preview":"max-video-preview:-1"},"canonical":"https:\/\/espeltviticultors.com\/en\/shop\/la-vella-white-carignan\/","og_locale":"en_US","og_type":"article","og_title":"La Vella 2023","og_description":"La Vella, 100% white Carignan from the Empord\u00e0, is a tribute to the viticulturists who have kept working on it so that today we can make this wine. An organic white wine from a single plot, from very old vineyards of a local variety lost in time.","og_url":"https:\/\/espeltviticultors.com\/en\/shop\/la-vella-white-carignan\/","og_site_name":"Espelt Winegrowers","article_publisher":"https:\/\/www.facebook.com\/espelt.viticultors","article_modified_time":"2025-05-19T13:13:26+00:00","og_image":[{"width":800,"height":630,"url":"https:\/\/espeltviticultors.com\/wp-content\/uploads\/2021\/10\/la_vella_2019.jpg","type":"image\/jpeg"}],"twitter_card":"summary_large_image","twitter_site":"@CellerEspelt","twitter_misc":{"Price":"45,00&nbsp;&euro;","Availability":"In stock"},"schema":{"@context":"https:\/\/schema.org","@graph":[{"@type":"WebPage","@id":"https:\/\/espeltviticultors.com\/en\/shop\/la-vella-white-carignan\/","url":"https:\/\/espeltviticultors.com\/en\/shop\/la-vella-white-carignan\/","name":"La Vella: White Carignan from Empord\u00e0 - Espelt Winegrowers","isPartOf":{"@id":"https:\/\/espeltviticultors.com\/#website"},"primaryImageOfPage":{"@id":"https:\/\/espeltviticultors.com\/en\/shop\/la-vella-white-carignan\/#primaryimage"},"image":{"@id":"https:\/\/espeltviticultors.com\/en\/shop\/la-vella-white-carignan\/#primaryimage"},"thumbnailUrl":"https:\/\/espeltviticultors.com\/wp-content\/uploads\/2021\/10\/la_vella_2019.jpg","datePublished":"2021-10-15T14:15:03+00:00","dateModified":"2025-05-19T13:13:26+00:00","description":"La Vella.: White Carignan from Empord\u00e0. Old vineyards from Rab\u00f3s d'Empord\u00e0. Organic viticulture, selected grapes from a single plot.","breadcrumb":{"@id":"https:\/\/espeltviticultors.com\/en\/shop\/la-vella-white-carignan\/#breadcrumb"},"inLanguage":"en-US","potentialAction":[{"@type":"ReadAction","target":["https:\/\/espeltviticultors.com\/en\/shop\/la-vella-white-carignan\/"]}]},{"@type":"ImageObject","inLanguage":"en-US","@id":"https:\/\/espeltviticultors.com\/en\/shop\/la-vella-white-carignan\/#primaryimage","url":"https:\/\/espeltviticultors.com\/wp-content\/uploads\/2021\/10\/la_vella_2019.jpg","contentUrl":"https:\/\/espeltviticultors.com\/wp-content\/uploads\/2021\/10\/la_vella_2019.jpg","width":800,"height":630,"caption":"La Vella"},{"@type":"BreadcrumbList","@id":"https:\/\/espeltviticultors.com\/en\/shop\/la-vella-white-carignan\/#breadcrumb","itemListElement":[{"@type":"ListItem","position":1,"name":"Portada","item":"https:\/\/espeltviticultors.com\/en\/"},{"@type":"ListItem","position":2,"name":"Shop","item":"https:\/\/espeltviticultors.com\/en\/shop\/"},{"@type":"ListItem","position":3,"name":"La Vella 2023"}]},{"@type":"WebSite","@id":"https:\/\/espeltviticultors.com\/#website","url":"https:\/\/espeltviticultors.com\/","name":"Espelt Winegrowers","description":"Emporda wines and enotourism","publisher":{"@id":"https:\/\/espeltviticultors.com\/#organization"},"potentialAction":[{"@type":"SearchAction","target":{"@type":"EntryPoint","urlTemplate":"https:\/\/espeltviticultors.com\/?s={search_term_string}"},"query-input":{"@type":"PropertyValueSpecification","valueRequired":true,"valueName":"search_term_string"}}],"inLanguage":"en-US"},{"@type":"Organization","@id":"https:\/\/espeltviticultors.com\/#organization","name":"Espelt Viticultors - Shop online","url":"https:\/\/espeltviticultors.com\/","logo":{"@type":"ImageObject","inLanguage":"en-US","@id":"https:\/\/espeltviticultors.com\/#\/schema\/logo\/image\/","url":"https:\/\/espeltviticultors.com\/wp-content\/uploads\/2021\/02\/logo_color_trasparent.png","contentUrl":"https:\/\/espeltviticultors.com\/wp-content\/uploads\/2021\/02\/logo_color_trasparent.png","width":818,"height":272,"caption":"Espelt Viticultors - Shop online"},"image":{"@id":"https:\/\/espeltviticultors.com\/#\/schema\/logo\/image\/"},"sameAs":["https:\/\/www.facebook.com\/espelt.viticultors","https:\/\/x.com\/CellerEspelt","https:\/\/www.instagram.com\/cellerespelt\/"]}]},"product_price_amount":"45.00","product_price_currency":"EUR","og_availability":"instock","product_availability":"instock","product_retailer_item_id":"1485-1","product_condition":"new"},"_links":{"self":[{"href":"https:\/\/espeltviticultors.com\/en\/wp-json\/wp\/v2\/product\/4691","targetHints":{"allow":["GET"]}}],"collection":[{"href":"https:\/\/espeltviticultors.com\/en\/wp-json\/wp\/v2\/product"}],"about":[{"href":"https:\/\/espeltviticultors.com\/en\/wp-json\/wp\/v2\/types\/product"}],"wp:featuredmedia":[{"embeddable":true,"href":"https:\/\/espeltviticultors.com\/en\/wp-json\/wp\/v2\/media\/4697"}],"wp:attachment":[{"href":"https:\/\/espeltviticultors.com\/en\/wp-json\/wp\/v2\/media?parent=4691"}],"wp:term":[{"taxonomy":"product_brand","embeddable":true,"href":"https:\/\/espeltviticultors.com\/en\/wp-json\/wp\/v2\/product_brand?post=4691"},{"taxonomy":"product_cat","embeddable":true,"href":"https:\/\/espeltviticultors.com\/en\/wp-json\/wp\/v2\/product_cat?post=4691"},{"taxonomy":"product_tag","embeddable":true,"href":"https:\/\/espeltviticultors.com\/en\/wp-json\/wp\/v2\/product_tag?post=4691"}],"curies":[{"name":"wp","href":"https:\/\/api.w.org\/{rel}","templated":true}]}}